{"version":"1.0","provider_name":"MAAP","provider_url":"https:\/\/www.maapprogram.org\/es\/","author_name":"dcadmin","author_url":"https:\/\/www.maapprogram.org\/es\/author\/dcadmin\/","title":"MAAP #97: Auge de Deforestaci\u00f3n en la Amazon\u00eda Colombiana, 2017-18 - MAAP","type":"rich","width":600,"height":338,"html":"<blockquote class=\"wp-embedded-content\" data-secret=\"1VAC7GCvzY\"><a href=\"https:\/\/www.maapprogram.org\/es\/colombia-2018-esp\/\">MAAP #97: Auge de Deforestaci\u00f3n en la Amazon\u00eda Colombiana, 2017-18<\/a><\/blockquote><iframe sandbox=\"allow-scripts\" security=\"restricted\" src=\"https:\/\/www.maapprogram.org\/es\/colombia-2018-esp\/embed\/#?secret=1VAC7GCvzY\" width=\"600\" height=\"338\" title=\"\u00abMAAP #97: Auge de Deforestaci\u00f3n en la Amazon\u00eda Colombiana, 2017-18\u00bb \u2014 MAAP\" data-secret=\"1VAC7GCvzY\" frameborder=\"0\" marginwidth=\"0\" marginheight=\"0\" scrolling=\"no\" class=\"wp-embedded-content\"><\/iframe><script type=\"text\/javascript\">\n\/* <![CDATA[ *\/\n\/*! This file is auto-generated *\/\n!function(d,l){\"use strict\";l.querySelector&&d.addEventListener&&\"undefined\"!=typeof URL&&(d.wp=d.wp||{},d.wp.receiveEmbedMessage||(d.wp.receiveEmbedMessage=function(e){var t=e.data;if((t||t.secret||t.message||t.value)&&!\/[^a-zA-Z0-9]\/.test(t.secret)){for(var s,r,n,a=l.querySelectorAll('iframe[data-secret=\"'+t.secret+'\"]'),o=l.querySelectorAll('blockquote[data-secret=\"'+t.secret+'\"]'),c=new RegExp(\"^https?:$\",\"i\"),i=0;i<o.length;i++)o[i].style.display=\"none\";for(i=0;i<a.length;i++)s=a[i],e.source===s.contentWindow&&(s.removeAttribute(\"style\"),\"height\"===t.message?(1e3<(r=parseInt(t.value,10))?r=1e3:~~r<200&&(r=200),s.height=r):\"link\"===t.message&&(r=new URL(s.getAttribute(\"src\")),n=new URL(t.value),c.test(n.protocol))&&n.host===r.host&&l.activeElement===s&&(d.top.location.href=t.value))}},d.addEventListener(\"message\",d.wp.receiveEmbedMessage,!1),l.addEventListener(\"DOMContentLoaded\",function(){for(var e,t,s=l.querySelectorAll(\"iframe.wp-embedded-content\"),r=0;r<s.length;r++)(t=(e=s[r]).getAttribute(\"data-secret\"))||(t=Math.random().toString(36).substring(2,12),e.src+=\"#?secret=\"+t,e.setAttribute(\"data-secret\",t)),e.contentWindow.postMessage({message:\"ready\",secret:t},\"*\")},!1)))}(window,document);\n\/\/# sourceURL=https:\/\/www.maapprogram.org\/wp-includes\/js\/wp-embed.min.js\n\/* ]]> *\/\n<\/script>\n","description":"En la actualidad, la Amazon\u00eda colombiana est\u00e1 experimentando un auge de deforestaci\u00f3n (ver gr\u00e1fico). Este auge inici\u00f3 hace tres a\u00f1os (2016),\u00a0present\u00e1ndose el mayor pico\u00a0en el 2017 con la deforestaci\u00f3n anual m\u00e1s alta registrada (214,744 hect\u00e1reas).* Durante el 2018, esta tasa se mantiene alta: 156,722 hect\u00e1reas (basado en datos de alertas tempranas).* Si se confirma este [&hellip;]","thumbnail_url":"https:\/\/www.maapprogram.org\/wp-content\/uploads\/2018\/11\/CO_LossGraphv2_esp-773x580.png"}