{"version":"1.0","provider_name":"MAAP","provider_url":"https:\/\/www.maapprogram.org\/es\/","author_name":"dcadmin","author_url":"https:\/\/www.maapprogram.org\/es\/author\/dcadmin\/","title":"MAAP #75: El Papa visitar\u00e1 Madre de Dios, regi\u00f3n con una crisis de deforestaci\u00f3n - MAAP","type":"rich","width":600,"height":338,"html":"<blockquote class=\"wp-embedded-content\" data-secret=\"EKXQiOYI8a\"><a href=\"https:\/\/www.maapprogram.org\/es\/mdd\/\">MAAP #75: El Papa visitar\u00e1 Madre de Dios, regi\u00f3n con una crisis de deforestaci\u00f3n<\/a><\/blockquote><iframe sandbox=\"allow-scripts\" security=\"restricted\" src=\"https:\/\/www.maapprogram.org\/es\/mdd\/embed\/#?secret=EKXQiOYI8a\" width=\"600\" height=\"338\" title=\"\u00abMAAP #75: El Papa visitar\u00e1 Madre de Dios, regi\u00f3n con una crisis de deforestaci\u00f3n\u00bb \u2014 MAAP\" data-secret=\"EKXQiOYI8a\" frameborder=\"0\" marginwidth=\"0\" marginheight=\"0\" scrolling=\"no\" class=\"wp-embedded-content\"><\/iframe><script type=\"text\/javascript\">\n\/* <![CDATA[ *\/\n\/*! This file is auto-generated *\/\n!function(d,l){\"use strict\";l.querySelector&&d.addEventListener&&\"undefined\"!=typeof URL&&(d.wp=d.wp||{},d.wp.receiveEmbedMessage||(d.wp.receiveEmbedMessage=function(e){var t=e.data;if((t||t.secret||t.message||t.value)&&!\/[^a-zA-Z0-9]\/.test(t.secret)){for(var s,r,n,a=l.querySelectorAll('iframe[data-secret=\"'+t.secret+'\"]'),o=l.querySelectorAll('blockquote[data-secret=\"'+t.secret+'\"]'),c=new RegExp(\"^https?:$\",\"i\"),i=0;i<o.length;i++)o[i].style.display=\"none\";for(i=0;i<a.length;i++)s=a[i],e.source===s.contentWindow&&(s.removeAttribute(\"style\"),\"height\"===t.message?(1e3<(r=parseInt(t.value,10))?r=1e3:~~r<200&&(r=200),s.height=r):\"link\"===t.message&&(r=new URL(s.getAttribute(\"src\")),n=new URL(t.value),c.test(n.protocol))&&n.host===r.host&&l.activeElement===s&&(d.top.location.href=t.value))}},d.addEventListener(\"message\",d.wp.receiveEmbedMessage,!1),l.addEventListener(\"DOMContentLoaded\",function(){for(var e,t,s=l.querySelectorAll(\"iframe.wp-embedded-content\"),r=0;r<s.length;r++)(t=(e=s[r]).getAttribute(\"data-secret\"))||(t=Math.random().toString(36).substring(2,12),e.src+=\"#?secret=\"+t,e.setAttribute(\"data-secret\",t)),e.contentWindow.postMessage({message:\"ready\",secret:t},\"*\")},!1)))}(window,document);\n\/\/# sourceURL=https:\/\/www.maapprogram.org\/wp-includes\/js\/wp-embed.min.js\n\/* ]]> *\/\n<\/script>\n","description":"El Papa Francisco, como parte de su pr\u00f3xima visita a Per\u00fa en enero, visitar\u00e1 Puerto Maldonado, capital de la regi\u00f3n Madre de Dios, en el sur de la Amazon\u00eda peruana. En dicha visita, se espera que El Papa aborde los problemas que enfrenta la Amazon\u00eda y sus comunidades ind\u00edgenas, incluyendo la deforestaci\u00f3n. En el presente [&hellip;]","thumbnail_url":"https:\/\/www.maapprogram.org\/wp-content\/uploads\/2017\/12\/Def_Mdd_01_17_v2.jpg"}