{"version":"1.0","provider_name":"MAAP","provider_url":"https:\/\/www.maapprogram.org\/es\/","author_name":"dcadmin","author_url":"https:\/\/www.maapprogram.org\/es\/author\/dcadmin\/","title":"MAAP #70: Vientos Huracanados en los \u00daltimos 13 a\u00f1os en Per\u00fa - MAAP","type":"rich","width":600,"height":338,"html":"<blockquote class=\"wp-embedded-content\" data-secret=\"7x46of8vUL\"><a href=\"https:\/\/www.maapprogram.org\/es\/vientos-huracanados-3\/\">MAAP #70: Vientos Huracanados en los \u00daltimos 13 a\u00f1os en Per\u00fa<\/a><\/blockquote><iframe sandbox=\"allow-scripts\" security=\"restricted\" src=\"https:\/\/www.maapprogram.org\/es\/vientos-huracanados-3\/embed\/#?secret=7x46of8vUL\" width=\"600\" height=\"338\" title=\"\u00abMAAP #70: Vientos Huracanados en los \u00daltimos 13 a\u00f1os en Per\u00fa\u00bb \u2014 MAAP\" data-secret=\"7x46of8vUL\" frameborder=\"0\" marginwidth=\"0\" marginheight=\"0\" scrolling=\"no\" class=\"wp-embedded-content\"><\/iframe><script type=\"text\/javascript\">\n\/* <![CDATA[ *\/\n\/*! This file is auto-generated *\/\n!function(d,l){\"use strict\";l.querySelector&&d.addEventListener&&\"undefined\"!=typeof URL&&(d.wp=d.wp||{},d.wp.receiveEmbedMessage||(d.wp.receiveEmbedMessage=function(e){var t=e.data;if((t||t.secret||t.message||t.value)&&!\/[^a-zA-Z0-9]\/.test(t.secret)){for(var s,r,n,a=l.querySelectorAll('iframe[data-secret=\"'+t.secret+'\"]'),o=l.querySelectorAll('blockquote[data-secret=\"'+t.secret+'\"]'),c=new RegExp(\"^https?:$\",\"i\"),i=0;i<o.length;i++)o[i].style.display=\"none\";for(i=0;i<a.length;i++)s=a[i],e.source===s.contentWindow&&(s.removeAttribute(\"style\"),\"height\"===t.message?(1e3<(r=parseInt(t.value,10))?r=1e3:~~r<200&&(r=200),s.height=r):\"link\"===t.message&&(r=new URL(s.getAttribute(\"src\")),n=new URL(t.value),c.test(n.protocol))&&n.host===r.host&&l.activeElement===s&&(d.top.location.href=t.value))}},d.addEventListener(\"message\",d.wp.receiveEmbedMessage,!1),l.addEventListener(\"DOMContentLoaded\",function(){for(var e,t,s=l.querySelectorAll(\"iframe.wp-embedded-content\"),r=0;r<s.length;r++)(t=(e=s[r]).getAttribute(\"data-secret\"))||(t=Math.random().toString(36).substring(2,12),e.src+=\"#?secret=\"+t,e.setAttribute(\"data-secret\",t)),e.contentWindow.postMessage({message:\"ready\",secret:t},\"*\")},!1)))}(window,document);\n\/\/# sourceURL=https:\/\/www.maapprogram.org\/wp-includes\/js\/wp-embed.min.js\n\/* ]]> *\/\n<\/script>\n","description":"En el anterior reporte MAAP #54, reportamos la ocurrencia de p\u00e9rdidas naturales de bosques amaz\u00f3nicos a causa del fen\u00f3meno \u201cvientos huracanados\u201d. Estos vientos fuertes descendientes, asociados con tormentas convectivas, pueden causar la ca\u00edda de miles de \u00e1rboles en la misma direcci\u00f3n del viento (ver Imagen de Drone), a trav\u00e9s de cientos de hect\u00e1reas. En el [&hellip;]","thumbnail_url":"https:\/\/www.maapprogram.org\/wp-content\/uploads\/2017\/09\/MAAP_Perdi_Naturales3_C_v2.jpg"}