{"version":"1.0","provider_name":"MAAP","provider_url":"https:\/\/www.maapprogram.org\/pt-br\/","author_name":"MAAP Consultants","author_url":"https:\/\/www.maapprogram.org\/pt-br\/author\/maapconsultants\/","title":"MAAP #55: Novos \u201cVentos de Furac\u00e3o\u201d de 2017 na Amaz\u00f4nia Peruana - MAAP","type":"rich","width":600,"height":338,"html":"<blockquote class=\"wp-embedded-content\" data-secret=\"2rTrHD0ki6\"><a href=\"https:\/\/www.maapprogram.org\/pt-br\/maap-55-portugues\/\">MAAP #55: Novos \u201cVentos de Furac\u00e3o\u201d de 2017 na Amaz\u00f4nia Peruana<\/a><\/blockquote><iframe sandbox=\"allow-scripts\" security=\"restricted\" src=\"https:\/\/www.maapprogram.org\/pt-br\/maap-55-portugues\/embed\/#?secret=2rTrHD0ki6\" width=\"600\" height=\"338\" title=\"&#8220;MAAP #55: Novos \u201cVentos de Furac\u00e3o\u201d de 2017 na Amaz\u00f4nia Peruana&#8221; &#8212; MAAP\" data-secret=\"2rTrHD0ki6\" frameborder=\"0\" marginwidth=\"0\" marginheight=\"0\" scrolling=\"no\" class=\"wp-embedded-content\"><\/iframe><script type=\"text\/javascript\">\n\/* <![CDATA[ *\/\n\/*! This file is auto-generated *\/\n!function(d,l){\"use strict\";l.querySelector&&d.addEventListener&&\"undefined\"!=typeof URL&&(d.wp=d.wp||{},d.wp.receiveEmbedMessage||(d.wp.receiveEmbedMessage=function(e){var t=e.data;if((t||t.secret||t.message||t.value)&&!\/[^a-zA-Z0-9]\/.test(t.secret)){for(var s,r,n,a=l.querySelectorAll('iframe[data-secret=\"'+t.secret+'\"]'),o=l.querySelectorAll('blockquote[data-secret=\"'+t.secret+'\"]'),c=new RegExp(\"^https?:$\",\"i\"),i=0;i<o.length;i++)o[i].style.display=\"none\";for(i=0;i<a.length;i++)s=a[i],e.source===s.contentWindow&&(s.removeAttribute(\"style\"),\"height\"===t.message?(1e3<(r=parseInt(t.value,10))?r=1e3:~~r<200&&(r=200),s.height=r):\"link\"===t.message&&(r=new URL(s.getAttribute(\"src\")),n=new URL(t.value),c.test(n.protocol))&&n.host===r.host&&l.activeElement===s&&(d.top.location.href=t.value))}},d.addEventListener(\"message\",d.wp.receiveEmbedMessage,!1),l.addEventListener(\"DOMContentLoaded\",function(){for(var e,t,s=l.querySelectorAll(\"iframe.wp-embedded-content\"),r=0;r<s.length;r++)(t=(e=s[r]).getAttribute(\"data-secret\"))||(t=Math.random().toString(36).substring(2,12),e.src+=\"#?secret=\"+t,e.setAttribute(\"data-secret\",t)),e.contentWindow.postMessage({message:\"ready\",secret:t},\"*\")},!1)))}(window,document);\n\/\/# sourceURL=https:\/\/www.maapprogram.org\/wp-includes\/js\/wp-embed.min.js\n\/* ]]> *\/\n<\/script>\n","description":"No\u00a0MAAP #54\u00a0anterior , descrevemos o fen\u00f4meno da perda natural de florestas devido a \u201c\u00a0ventos de furac\u00e3o\u00a0\u201d, mostrando v\u00e1rios exemplos de 2016 na Amaz\u00f4nia peruana. Ventos fortes dessas tempestades localizadas podem derrubar centenas de acres de floresta de uma s\u00f3 vez. Em janeiro de 2017,\u00a0os alertas de perda de \u00e1rvores do GLAD\u00a0\u00a0indicaram dois novos eventos de [&hellip;]","thumbnail_url":"https:\/\/www.maapprogram.org\/wp-content\/uploads\/2017\/02\/MAAP_Perdi_Naturales_H_2017_m_v1_en-e1488825211616.jpg"}