{"version":"1.0","provider_name":"MAAP","provider_url":"https:\/\/www.maapprogram.org\/pt-br\/","author_name":"MAAP Consultants","author_url":"https:\/\/www.maapprogram.org\/pt-br\/author\/maapconsultants\/","title":"MAAP #63: Padr\u00f5es de desmatamento na Amaz\u00f4nia colombiana - MAAP","type":"rich","width":600,"height":338,"html":"<blockquote class=\"wp-embedded-content\" data-secret=\"p3ltRVLNaz\"><a href=\"https:\/\/www.maapprogram.org\/pt-br\/maap-63-portugues\/\">MAAP #63: Padr\u00f5es de desmatamento na Amaz\u00f4nia colombiana<\/a><\/blockquote><iframe sandbox=\"allow-scripts\" security=\"restricted\" src=\"https:\/\/www.maapprogram.org\/pt-br\/maap-63-portugues\/embed\/#?secret=p3ltRVLNaz\" width=\"600\" height=\"338\" title=\"&#8220;MAAP #63: Padr\u00f5es de desmatamento na Amaz\u00f4nia colombiana&#8221; &#8212; MAAP\" data-secret=\"p3ltRVLNaz\" frameborder=\"0\" marginwidth=\"0\" marginheight=\"0\" scrolling=\"no\" class=\"wp-embedded-content\"><\/iframe><script type=\"text\/javascript\">\n\/* <![CDATA[ *\/\n\/*! This file is auto-generated *\/\n!function(d,l){\"use strict\";l.querySelector&&d.addEventListener&&\"undefined\"!=typeof URL&&(d.wp=d.wp||{},d.wp.receiveEmbedMessage||(d.wp.receiveEmbedMessage=function(e){var t=e.data;if((t||t.secret||t.message||t.value)&&!\/[^a-zA-Z0-9]\/.test(t.secret)){for(var s,r,n,a=l.querySelectorAll('iframe[data-secret=\"'+t.secret+'\"]'),o=l.querySelectorAll('blockquote[data-secret=\"'+t.secret+'\"]'),c=new RegExp(\"^https?:$\",\"i\"),i=0;i<o.length;i++)o[i].style.display=\"none\";for(i=0;i<a.length;i++)s=a[i],e.source===s.contentWindow&&(s.removeAttribute(\"style\"),\"height\"===t.message?(1e3<(r=parseInt(t.value,10))?r=1e3:~~r<200&&(r=200),s.height=r):\"link\"===t.message&&(r=new URL(s.getAttribute(\"src\")),n=new URL(t.value),c.test(n.protocol))&&n.host===r.host&&l.activeElement===s&&(d.top.location.href=t.value))}},d.addEventListener(\"message\",d.wp.receiveEmbedMessage,!1),l.addEventListener(\"DOMContentLoaded\",function(){for(var e,t,s=l.querySelectorAll(\"iframe.wp-embedded-content\"),r=0;r<s.length;r++)(t=(e=s[r]).getAttribute(\"data-secret\"))||(t=Math.random().toString(36).substring(2,12),e.src+=\"#?secret=\"+t,e.setAttribute(\"data-secret\",t)),e.contentWindow.postMessage({message:\"ready\",secret:t},\"*\")},!1)))}(window,document);\n\/\/# sourceURL=https:\/\/www.maapprogram.org\/wp-includes\/js\/wp-embed.min.js\n\/* ]]> *\/\n<\/script>\n","description":"Estamos animados em apresentar nossa an\u00e1lise inicial da\u00a0Amaz\u00f4nia Colombiana\u00a0, um trabalho que reflete uma colabora\u00e7\u00e3o importante com nossos colegas da\u00a0Amazon Conservation Team\u00a0. \u00c9 tamb\u00e9m nosso primeiro relat\u00f3rio no formato mais interativo \u201c\u00a0Story Map \u201d. Este relat\u00f3rio tem\u00a0dois objetivos\u00a0: 1) Ilustrar os principais hotspots de desmatamento na Amaz\u00f4nia Colombiana entre 2001 e 2015 e 2) Focar [&hellip;]"}